{"id":45,"date":"2016-10-30T07:49:12","date_gmt":"2016-10-30T07:49:12","guid":{"rendered":"http:\/\/l4h.ruhwandl.de\/?page_id=45"},"modified":"2022-02-23T17:26:06","modified_gmt":"2022-02-23T17:26:06","slug":"about","status":"publish","type":"page","link":"http:\/\/l4h.ruhwandl.de\/?page_id=45","title":{"rendered":"About"},"content":{"rendered":"<div id=\"pl-45\"  class=\"panel-layout\" ><div id=\"pg-45-0\"  class=\"panel-grid panel-no-style\" ><div id=\"pgc-45-0-0\"  class=\"panel-grid-cell panel-grid-cell-empty\" ><\/div><\/div><div id=\"pg-45-1\"  class=\"panel-grid panel-no-style\" ><div id=\"pgc-45-1-0\"  class=\"panel-grid-cell\" ><div id=\"panel-45-1-0-0\" class=\"so-panel widget widget_black-studio-tinymce widget_black_studio_tinymce panel-first-child panel-last-child\" data-index=\"0\" ><div class=\"panel-widget-style panel-widget-style-for-45-1-0-0\" ><div class=\"textwidget\"><p><span class=\"\" style=\"display:block;clear:both;height: 0px;padding-top: 20px;border-top-width:0px;border-bottom-width:0px;\"><\/span><\/p>\n<p><span class=\"\" style=\"display:block;clear:both;height: 0px;padding-top: 420px;border-top-width:0px;border-bottom-width:0px;\"><\/span><\/p>\n<\/div><\/div><\/div><\/div><div id=\"pgc-45-1-1\"  class=\"panel-grid-cell\" ><div id=\"panel-45-1-1-0\" class=\"so-panel widget widget_black-studio-tinymce widget_black_studio_tinymce panel-first-child panel-last-child\" data-index=\"1\" ><div class=\"textwidget\"><h2><span style=\"color: #003366;\">Dr. med. Dagmar Ruhwandl<br \/><\/span><\/h2>\n<p><span style=\"color: #003366;\">Seit mehr als 15 Jahren berate ich als \u00c4rztin, Coach und Organisationsberaterin Unternehmen und F\u00fchrungskr\u00e4fte zum Thema Gesunde F\u00fchrung.<\/span><\/p>\n<p><span style=\"color: #003366;\"><span class=\"\" style=\"display:block;clear:both;height: 0px;padding-top: 20px;border-top-width:0px;border-bottom-width:0px;\"><\/span><\/span><\/p>\n<p><span style=\"color: #003366;\">Als Autorin bei Klett-Cotta, Referentin und Key-Note-Speakerin wei\u00df ich, wie man Gesundheits-Wissen verst\u00e4ndlich vermittelt.<\/span><\/p>\n<p><span style=\"color: #003366;\"><span class=\"\" style=\"display:block;clear:both;height: 0px;padding-top: 20px;border-top-width:0px;border-bottom-width:0px;\"><\/span><\/span><\/p>\n<p><span style=\"color: #003366;\">Mit langj\u00e4hriger Erfahrung in Pers\u00f6nlichkeitsentwicklung und Organisationsberatung sehe ich das Gro\u00dfe im Kleinen und umgekehrt.<\/span><\/p>\n<p><span style=\"color: #003366;\"><span class=\"\" style=\"display:block;clear:both;height: 0px;padding-top: 20px;border-top-width:0px;border-bottom-width:0px;\"><\/span><\/span><\/p>\n<p><span style=\"color: #003366;\">Als Lehrbeauftragte der TU M\u00fcnchen bin ich mit wissenschaftlichen Themen vertraut. Ich trainiere Sie und Ihre Mitarbeiter mit fundierten Inhalten und evidenzbasierten Hintergr\u00fcnden.<\/span><\/p>\n<p>\u00a0<\/p>\n<\/div><\/div><\/div><\/div><div id=\"pg-45-2\"  class=\"panel-grid panel-no-style\" ><div id=\"pgc-45-2-0\"  class=\"panel-grid-cell\" ><div id=\"panel-45-2-0-0\" class=\"so-panel widget widget_black-studio-tinymce widget_black_studio_tinymce panel-first-child panel-last-child\" data-index=\"2\" ><div class=\"textwidget\"><p><span style=\"color: #003366;\"><span class=\"\" style=\"display:block;clear:both;height: 0px;padding-top: 30px;border-top-width:0px;border-bottom-width:0px;\"><\/span><\/span><\/p>\n<p><span style=\"color: #003366;\">\u00dcber mein Netzwerk biete ich Ihnen weitere Skills an oder arbeite mit Kollegen direkt bei Ihnen vor Ort. Hier eine Auswahl:<br \/>\n<\/span><\/p>\n<p><span style=\"color: #003366;\"><span class=\"\" style=\"display:block;clear:both;height: 0px;padding-top: 20px;border-top-width:0px;border-bottom-width:0px;\"><\/span><\/span><\/p>\n<p><a href=\"http:\/\/www.rodehack.de\" target=\"_blank\" rel=\"noopener\">Edgar Rodehack<\/a> <span style=\"color: #003366;\">Organisationsberater, Coach und Trainer<\/span><\/p>\n<p><span style=\"color: #003366;\"><span class=\"\" style=\"display:block;clear:both;height: 0px;padding-top: 20px;border-top-width:0px;border-bottom-width:0px;\"><\/span><\/span><\/p>\n<p><span style=\"color: #003366;\"><a href=\"https:\/\/ios-muenchen.de\/kontakte\/ewald-epping\" target=\"_blank\" rel=\"noopener\">Ewald Epping<\/a> Organisationsberater, Supervisor und Coach<br \/>\n<\/span><\/p>\n<p><span style=\"color: #003366;\"><span class=\"\" style=\"display:block;clear:both;height: 0px;padding-top: 20px;border-top-width:0px;border-bottom-width:0px;\"><\/span><\/span><\/p>\n<p><span style=\"color: #003366;\"><a href=\"https:\/\/www.unibw.de\/studiumplus\/lehre\/trainer\/stefan-thelen\" target=\"_blank\" rel=\"noopener\">Prof. Dr. Stefan Thelen<\/a> Organiationsberater, Coach und Trainer<\/span><\/p>\n<p><span style=\"color: #003366;\"><span class=\"\" style=\"display:block;clear:both;height: 0px;padding-top: 20px;border-top-width:0px;border-bottom-width:0px;\"><\/span><\/span><\/p>\n<p><span style=\"color: #003366;\"><a href=\"http:\/\/www.ad-personam.com\/html\/elisabeth_starzer.html\" target=\"_blank\" rel=\"noopener\">Elisabeth Starzer<\/a> Organisationsberaterin, Trainerin und Coach<\/span><\/p>\n<\/div><\/div><\/div><div id=\"pgc-45-2-1\"  class=\"panel-grid-cell\" ><div id=\"panel-45-2-1-0\" class=\"so-panel widget widget_black-studio-tinymce widget_black_studio_tinymce panel-first-child panel-last-child\" data-index=\"3\" ><div class=\"textwidget\"><p><span class=\"\" style=\"display:block;clear:both;height: 0px;padding-top: 20px;border-top-width:0px;border-bottom-width:0px;\"><\/span><\/p>\n<p><span class=\"\" style=\"display:block;clear:both;height: 0px;padding-top: 400px;border-top-width:0px;border-bottom-width:0px;\"><\/span><\/p>\n<\/div><\/div><\/div><\/div><div id=\"pg-45-3\"  class=\"panel-grid panel-no-style\" ><div id=\"pgc-45-3-0\"  class=\"panel-grid-cell\" ><div id=\"panel-45-3-0-0\" class=\"so-panel widget widget_black-studio-tinymce widget_black_studio_tinymce panel-first-child panel-last-child\" data-index=\"4\" ><div class=\"textwidget\"><p><span class=\"\" style=\"display:block;clear:both;height: 0px;padding-top: 20px;border-top-width:0px;border-bottom-width:0px;\"><\/span><\/p>\n<p><span class=\"\" style=\"display:block;clear:both;height: 0px;padding-top: 400px;border-top-width:0px;border-bottom-width:0px;\"><\/span><\/p>\n<\/div><\/div><\/div><div id=\"pgc-45-3-1\"  class=\"panel-grid-cell\" ><div id=\"panel-45-3-1-0\" class=\"so-panel widget widget_black-studio-tinymce widget_black_studio_tinymce panel-first-child panel-last-child\" data-index=\"5\" ><div class=\"textwidget\"><p><span style=\"color: #003366;\">F\u00fchrung und Gesundheit Publikationen:<\/span><\/p>\n<p><a href=\"https:\/\/www.klett-cotta.de\/buch\/Beratung_und_Supervision\/Vom_Glueck_Verantwortung_zu_teilen\/101201\" target=\"_blank\" rel=\"noopener\"><img class=\"wp-image-477 size-medium\" src=\"http:\/\/l4h.ruhwandl.de\/wp-content\/uploads\/2019\/01\/Ruhwandl_VomGlueckVerantwortungzuteilen-193x300.jpg\" alt=\"Vom Gl\u00fcck, Verantwortung zu teilen\" width=\"193\" height=\"300\" \/><\/a><\/p>\n<p><img class=\" wp-image-778 alignleft\" src=\"http:\/\/l4h.ruhwandl.de\/wp-content\/uploads\/2022\/02\/Gruppen-Coaching_fuer_Frauen_als_effektive_und_kostenguenstige_Massnahme_zur_Fachkraeftebindung_im_MINT-Bereich.jpg\" alt=\"\" width=\"211\" height=\"300\" \/><\/p>\n<p>&nbsp;<\/p>\n<\/div><\/div><\/div><\/div><div id=\"pg-45-4\"  class=\"panel-grid panel-no-style\" ><div id=\"pgc-45-4-0\"  class=\"panel-grid-cell panel-grid-cell-empty\" ><\/div><\/div><\/div>","protected":false},"excerpt":{"rendered":"<p>Dr. med. Dagmar RuhwandlSeit mehr als 15 Jahren berate ich als \u00c4rztin, Coach und Organisationsberaterin Unternehmen und F\u00fchrungskr\u00e4fte zum Thema Gesunde F\u00fchrung.Als Autorin bei Klett-Cotta, Referentin und Key-Note-Speakerin wei\u00df ich, wie man Gesundheits-Wissen verst\u00e4ndlich vermittelt.Mit langj\u00e4hriger Erfahrung in Pers\u00f6nlichkeitsentwicklung und Organisationsberatung sehe ich das Gro\u00dfe im Kleinen und umgekehrt.Als Lehrbeauftragte der TU M\u00fcnchen bin ich&#8230;<\/p>\n","protected":false},"author":1,"featured_media":0,"parent":0,"menu_order":0,"comment_status":"closed","ping_status":"closed","template":"full-width-page.php","meta":[],"_links":{"self":[{"href":"http:\/\/l4h.ruhwandl.de\/index.php?rest_route=\/wp\/v2\/pages\/45"}],"collection":[{"href":"http:\/\/l4h.ruhwandl.de\/index.php?rest_route=\/wp\/v2\/pages"}],"about":[{"href":"http:\/\/l4h.ruhwandl.de\/index.php?rest_route=\/wp\/v2\/types\/page"}],"author":[{"embeddable":true,"href":"http:\/\/l4h.ruhwandl.de\/index.php?rest_route=\/wp\/v2\/users\/1"}],"replies":[{"embeddable":true,"href":"http:\/\/l4h.ruhwandl.de\/index.php?rest_route=%2Fwp%2Fv2%2Fcomments&post=45"}],"version-history":[{"count":35,"href":"http:\/\/l4h.ruhwandl.de\/index.php?rest_route=\/wp\/v2\/pages\/45\/revisions"}],"predecessor-version":[{"id":779,"href":"http:\/\/l4h.ruhwandl.de\/index.php?rest_route=\/wp\/v2\/pages\/45\/revisions\/779"}],"wp:attachment":[{"href":"http:\/\/l4h.ruhwandl.de\/index.php?rest_route=%2Fwp%2Fv2%2Fmedia&parent=45"}],"curies":[{"name":"wp","href":"https:\/\/api.w.org\/{rel}","templated":true}]}}